{"version":"1.0","provider_name":"FVGC","provider_url":"https:\/\/fvgc.ca\/fr","title":"Des repr\u00e9sentants gouvernementaux visitent les fermes du PTAS - FVGC","type":"rich","width":600,"height":338,"html":"<blockquote class=\"wp-embedded-content\" data-secret=\"MYyzxJX20z\"><a href=\"https:\/\/fvgc.ca\/fr\/2017\/08\/28\/des-representants-gouvernementaux-visitent-les-fermes-du-ptas\/\">Des repr\u00e9sentants gouvernementaux visitent les fermes du PTAS<\/a><\/blockquote><iframe sandbox=\"allow-scripts\" security=\"restricted\" src=\"https:\/\/fvgc.ca\/fr\/2017\/08\/28\/des-representants-gouvernementaux-visitent-les-fermes-du-ptas\/embed\/#?secret=MYyzxJX20z\" width=\"600\" height=\"338\" title=\"&laquo; Des repr\u00e9sentants gouvernementaux visitent les fermes du PTAS &raquo; &#8212; FVGC\" data-secret=\"MYyzxJX20z\" frameborder=\"0\" marginwidth=\"0\" marginheight=\"0\" scrolling=\"no\" class=\"wp-embedded-content\"><\/iframe><script type=\"text\/javascript\">\n\/* <![CDATA[ *\/\n\/*! This file is auto-generated *\/\n!function(d,l){\"use strict\";l.querySelector&&d.addEventListener&&\"undefined\"!=typeof URL&&(d.wp=d.wp||{},d.wp.receiveEmbedMessage||(d.wp.receiveEmbedMessage=function(e){var t=e.data;if((t||t.secret||t.message||t.value)&&!\/[^a-zA-Z0-9]\/.test(t.secret)){for(var s,r,n,a=l.querySelectorAll('iframe[data-secret=\"'+t.secret+'\"]'),o=l.querySelectorAll('blockquote[data-secret=\"'+t.secret+'\"]'),c=new RegExp(\"^https?:$\",\"i\"),i=0;i<o.length;i++)o[i].style.display=\"none\";for(i=0;i<a.length;i++)s=a[i],e.source===s.contentWindow&&(s.removeAttribute(\"style\"),\"height\"===t.message?(1e3<(r=parseInt(t.value,10))?r=1e3:~~r<200&&(r=200),s.height=r):\"link\"===t.message&&(r=new URL(s.getAttribute(\"src\")),n=new URL(t.value),c.test(n.protocol))&&n.host===r.host&&l.activeElement===s&&(d.top.location.href=t.value))}},d.addEventListener(\"message\",d.wp.receiveEmbedMessage,!1),l.addEventListener(\"DOMContentLoaded\",function(){for(var e,t,s=l.querySelectorAll(\"iframe.wp-embedded-content\"),r=0;r<s.length;r++)(t=(e=s[r]).getAttribute(\"data-secret\"))||(t=Math.random().toString(36).substring(2,12),e.src+=\"#?secret=\"+t,e.setAttribute(\"data-secret\",t)),e.contentWindow.postMessage({message:\"ready\",secret:t},\"*\")},!1)))}(window,document);\n\/\/# sourceURL=https:\/\/fvgc.ca\/wp-includes\/js\/wp-embed.min.js\n\/* ]]> *\/\n<\/script>","thumbnail_url":null,"thumbnail_width":null,"thumbnail_height":null,"description":"Des repr\u00e9sentants de quatre minist\u00e8res ou organisations minist\u00e9rielles ont r\u00e9cemment effectu\u00e9 une excursion dans le comt\u00e9 de Norfolk, connu sous le nom de \u00ab\u00a0jardin de l\u2019Ontario\u00a0\u00bb, pour observer le Programme des travailleurs agricoles saisonniers (PTAS) en action. Des fonctionnaires d\u2019Emploi et D\u00e9veloppement social Canada (EDSC), de Service Canada, d\u2019Immigration, R\u00e9fugi\u00e9s et Citoyennet\u00e9 Canada (IRCC) et [&hellip;]"}